{"id":8544,"date":"2025-01-07T16:28:44","date_gmt":"2025-01-07T15:28:44","guid":{"rendered":"https:\/\/www.pep62.fr\/pep62\/?page_id=8544"},"modified":"2025-05-05T10:29:48","modified_gmt":"2025-05-05T08:29:48","slug":"sessad-pinocchio-darras","status":"publish","type":"page","link":"https:\/\/www.pep62.fr\/pep62\/nos-structures\/sessad-pinocchio-darras\/","title":{"rendered":"SESSAD Pinocchio d&rsquo;Arras"},"content":{"rendered":"<p>Le Service d\u2019Education Sp\u00e9ciale et de Soins \u00e0 Domicile, constitu\u00e9 d\u2019une \u00e9quipe pluridisciplinaire, vise\u00a0 r\u00e9pondre aux besoins des enfants adolescents et jeunes adultes en situation de handicap, dans leur milieu ordinaire de vie et d\u2019\u00e9ducation ainsi qu\u2019\u00e0 leurs familles en apportant un accompagnement sp\u00e9cialis\u00e9.<\/p>\n<p>Les personnes peuvent \u00eatre accompagn\u00e9es par le SESSAD si elles b\u00e9n\u00e9ficient d\u2019une orientation de la CDAPH.<\/p>\n<p>Ouvert depuis septembre 2005, le SESSAD Pinocchio n&rsquo;a cess\u00e9 de d\u00e9velopper son offre d&rsquo;accompagnement pour r\u00e9pondre aux besoins des enfants pr\u00e9sentant des TSA (Troubles du Spectre Autistique).<\/p>\n<p>Il a pour mission d&rsquo;accompagner 20 enfants porteurs de TSA, \u00e2g\u00e9s de 0 \u00e0 20 ans, pour lesquels le suivi \u00e9ducatif, th\u00e9rapeutique et scolaire vise \u00e0 permettre \u00e0 la personne d&rsquo;acc\u00e9der \u00e0 un degr\u00e9 d&rsquo;ind\u00e9pendance et d&rsquo;autonomie dans la vie quotidienne.<\/p>\n<p>&nbsp;<\/p>\n<h5>Nos offres d&#8217;emplois sur le SESSAD<\/h5>\n\n\t\t<style type=\"text\/css\">\n\t\t\t#gallery-1 {\n\t\t\t\tmargin: auto;\n\t\t\t}\n\t\t\t#gallery-1 .gallery-item {\n\t\t\t\tfloat: left;\n\t\t\t\tmargin-top: 10px;\n\t\t\t\ttext-align: center;\n\t\t\t\twidth: 33%;\n\t\t\t}\n\t\t\t#gallery-1 img {\n\t\t\t\tborder: 2px solid #cfcfcf;\n\t\t\t}\n\t\t\t#gallery-1 .gallery-caption {\n\t\t\t\tmargin-left: 0;\n\t\t\t}\n\t\t\t\/* see gallery_shortcode() in wp-includes\/media.php *\/\n\t\t<\/style>\n\t\t<div id='gallery-1' class='gallery galleryid-8544 gallery-columns-3 gallery-size-medium'><dl class='gallery-item'>\n\t\t\t<dt class='gallery-icon portrait'>\n\t\t\t\t<a href='https:\/\/www.pep62.fr\/pep62\/ergo-sessad-arras-cdi-tp-janv25\/'><img loading=\"lazy\" decoding=\"async\" width=\"212\" height=\"300\" src=\"https:\/\/www.pep62.fr\/pep62\/wp-content\/uploads\/2025\/01\/Ergo-SESSAD-ARRAS-CDI-TP-Janv25-212x300.jpg\" class=\"attachment-medium size-medium\" alt=\"\" \/><\/a>\n\t\t\t<\/dt><\/dl>\n\t\t\t<br style='clear: both' \/>\n\t\t<\/div>\n\n","protected":false},"excerpt":{"rendered":"<p>Le Service d\u2019Education Sp\u00e9ciale et de Soins \u00e0 Domicile, constitu\u00e9 d\u2019une \u00e9quipe pluridisciplinaire, vise\u00a0 r\u00e9pondre aux besoins des enfants adolescents et jeunes adultes en situation de handicap, dans leur milieu ordinaire de vie et d\u2019\u00e9ducation ainsi qu\u2019\u00e0 leurs familles en apportant un accompagnement sp\u00e9cialis\u00e9. Les personnes peuvent \u00eatre accompagn\u00e9es par le SESSAD si elles b\u00e9n\u00e9ficient [&hellip;]<\/p>\n","protected":false},"author":17,"featured_media":0,"parent":8541,"menu_order":0,"comment_status":"closed","ping_status":"closed","template":"","meta":{"_et_pb_use_builder":"","_et_pb_old_content":"","_et_gb_content_width":"","footnotes":""},"class_list":["post-8544","page","type-page","status-publish","hentry"],"_links":{"self":[{"href":"https:\/\/www.pep62.fr\/pep62\/wp-json\/wp\/v2\/pages\/8544","targetHints":{"allow":["GET"]}}],"collection":[{"href":"https:\/\/www.pep62.fr\/pep62\/wp-json\/wp\/v2\/pages"}],"about":[{"href":"https:\/\/www.pep62.fr\/pep62\/wp-json\/wp\/v2\/types\/page"}],"author":[{"embeddable":true,"href":"https:\/\/www.pep62.fr\/pep62\/wp-json\/wp\/v2\/users\/17"}],"replies":[{"embeddable":true,"href":"https:\/\/www.pep62.fr\/pep62\/wp-json\/wp\/v2\/comments?post=8544"}],"version-history":[{"count":7,"href":"https:\/\/www.pep62.fr\/pep62\/wp-json\/wp\/v2\/pages\/8544\/revisions"}],"predecessor-version":[{"id":9385,"href":"https:\/\/www.pep62.fr\/pep62\/wp-json\/wp\/v2\/pages\/8544\/revisions\/9385"}],"up":[{"embeddable":true,"href":"https:\/\/www.pep62.fr\/pep62\/wp-json\/wp\/v2\/pages\/8541"}],"wp:attachment":[{"href":"https:\/\/www.pep62.fr\/pep62\/wp-json\/wp\/v2\/media?parent=8544"}],"curies":[{"name":"wp","href":"https:\/\/api.w.org\/{rel}","templated":true}]}}